{"id":33600,"date":"2024-07-29T14:22:50","date_gmt":"2024-07-29T12:22:50","guid":{"rendered":"https:\/\/kauma.es\/caso-de-estudio\/techar-una-terrassa-amb-vol-circular\/"},"modified":"2026-04-23T17:11:18","modified_gmt":"2026-04-23T15:11:18","slug":"techar-una-terrassa-amb-vol-circular","status":"publish","type":"caso-de-estudio","link":"https:\/\/kauma.es\/ca\/caso-de-estudio\/techar-una-terrassa-amb-vol-circular\/","title":{"rendered":"Techar una terrassa amb vol circular."},"content":{"rendered":"<section class=\"l-section wpb_row height_auto\"><div class=\"l-section-h i-cf\"><div class=\"g-cols vc_row via_flex valign_top type_default stacking_default\"><div class=\"vc_col-sm-6 wpb_column vc_column_container\"><div class=\"vc_column-inner\"><div class=\"wpb_wrapper\"><div class=\"w-text\"><span class=\"w-text-h\"><span class=\"w-text-value\">EL REPTE<\/span><\/span><\/div><div class=\"w-separator size_medium\"><\/div><h3 class=\"w-text us_custom_db02874a\"><span class=\"w-text-h\"><span class=\"w-text-value\">Vol circular per techar una terrassa.<\/span><\/span><\/h3><\/div><\/div><\/div><div class=\"vc_col-sm-6 wpb_column vc_column_container\"><div class=\"vc_column-inner\"><div class=\"wpb_wrapper\"><div class=\"wpb_text_column us_custom_35d02291\"><div class=\"wpb_wrapper\"><p>Francesc Javier compta amb una habitatge d&#8217;estil tradicional. En la part superior, la terrassa sempre havia estat al descobert. Quan va voler donar-li una segona vida a la terrassa per ombrar la planta superior de casa, es va trobar amb una problem\u00e0tica: com techar el vol semicircular de la terrassa mantenint la forma original. I que aquest techat, a m\u00e9s, fos m\u00f2bil. El repte no nom\u00e9s es trobava a les plaques de sostre, sin\u00f3 tamb\u00e9 i en gran mesura, a les bigues, dissenyades a mida i mil\u00b7lim\u00e8tricament pensades.<\/p>\n<\/div><\/div><\/div><\/div><\/div><\/div><\/div><\/section><section class=\"l-section wpb_row us_custom_c70c97eb height_auto\"><div class=\"l-section-h i-cf\"><div class=\"g-cols vc_row via_flex valign_top type_default stacking_default\"><div class=\"vc_col-sm-12 wpb_column vc_column_container\"><div class=\"vc_column-inner\"><div class=\"wpb_wrapper\"><div class=\"w-image align_center\"><div class=\"w-image-h\"><img decoding=\"async\" width=\"1024\" height=\"575\" src=\"https:\/\/kauma.es\/wp-content\/uploads\/2024\/07\/Imagen-portada-Casos-de-estudio-techo-un-terminacion-circular2.jpeg\" class=\"attachment-full size-full\" alt=\"\" loading=\"lazy\" srcset=\"https:\/\/kauma.es\/wp-content\/uploads\/2024\/07\/Imagen-portada-Casos-de-estudio-techo-un-terminacion-circular2.jpeg 1024w, https:\/\/kauma.es\/wp-content\/uploads\/2024\/07\/Imagen-portada-Casos-de-estudio-techo-un-terminacion-circular2-600x337.jpeg 600w, https:\/\/kauma.es\/wp-content\/uploads\/2024\/07\/Imagen-portada-Casos-de-estudio-techo-un-terminacion-circular2-300x168.jpeg 300w\" sizes=\"auto, (max-width: 1024px) 100vw, 1024px\" \/><\/div><\/div><\/div><\/div><\/div><\/div><\/div><\/section><section class=\"l-section wpb_row height_auto\"><div class=\"l-section-h i-cf\"><div class=\"g-cols vc_row via_flex valign_top type_default stacking_default\"><div class=\"vc_col-sm-6 wpb_column vc_column_container\"><div class=\"vc_column-inner\"><div class=\"wpb_wrapper\"><div class=\"w-text\"><span class=\"w-text-h\"><span class=\"w-text-value\">LA SOLUCI\u00d3 KAUMA<\/span><\/span><\/div><div class=\"w-separator size_medium\"><\/div><h3 class=\"w-text us_custom_db02874a\"><span class=\"w-text-h\"><span class=\"w-text-value\">Bigues i canal\u00f3 dissenyats a mida.<\/span><\/span><\/h3><\/div><\/div><\/div><div class=\"vc_col-sm-6 wpb_column vc_column_container\"><div class=\"vc_column-inner\"><div class=\"wpb_wrapper\"><div class=\"wpb_text_column us_custom_35d02291\"><div class=\"wpb_wrapper\"><p>Con una exhaustiva toma de medidas, el proceso de dise\u00f1o implic\u00f3 de la pericia de tres departamentos: dise\u00f1o, fabricaci\u00f3n e instalaci\u00f3n. Extrajimos las medidas de planta y calculado el arco que formaba el balc\u00f3n para obtener el per\u00edmetro a trav\u00e9s del cual desarrollar\u00edamos las vigas estructurales de acero. <\/p>\n<p>Gr\u00e0cies a aquesta soluci\u00f3, tamb\u00e9 \u00e9s possible retallar amb forma les plaques de policarbonat del sostre m\u00f2bil Tactic 120. Es requereix un estudi de disseny i enginyeria per calcular els arcs en relaci\u00f3 amb el nombre de plaques i la forma del vol. <\/p>\n<p>M\u00e9s enll\u00e0 de la complexitat de la forma de les plaques, calgu\u00e9 crear un canal\u00f3 especial amb forma i d&#8217;acer. Aquest canal\u00f3 galvanitzat compleix una doble funci\u00f3: recull i recondu\u00ef la aigua. La baixada la vam ubicar en una de les cantonades, retranquejada respecte al vol en forma d&#8217;arc.<\/p>\n<\/div><\/div><\/div><\/div><\/div><\/div><\/div><\/section>\n","protected":false},"excerpt":{"rendered":"<p>Seguint la forma del balc\u00f3<br \/>\nTerrassa amb forma circular.<\/p>\n","protected":false},"featured_media":19906,"template":"","meta":{"_acf_changed":false},"categoria-casos-de-estudio":[40],"class_list":["post-33600","caso-de-estudio","type-caso-de-estudio","status-publish","has-post-thumbnail","hentry","categoria-casos-de-estudio-residencial"],"acf":[],"_links":{"self":[{"href":"https:\/\/kauma.es\/ca\/wp-json\/wp\/v2\/caso-de-estudio\/33600","targetHints":{"allow":["GET"]}}],"collection":[{"href":"https:\/\/kauma.es\/ca\/wp-json\/wp\/v2\/caso-de-estudio"}],"about":[{"href":"https:\/\/kauma.es\/ca\/wp-json\/wp\/v2\/types\/caso-de-estudio"}],"wp:featuredmedia":[{"embeddable":true,"href":"https:\/\/kauma.es\/ca\/wp-json\/wp\/v2\/media\/19906"}],"wp:attachment":[{"href":"https:\/\/kauma.es\/ca\/wp-json\/wp\/v2\/media?parent=33600"}],"wp:term":[{"taxonomy":"categoria-casos-de-estudio","embeddable":true,"href":"https:\/\/kauma.es\/ca\/wp-json\/wp\/v2\/categoria-casos-de-estudio?post=33600"}],"curies":[{"name":"wp","href":"https:\/\/api.w.org\/{rel}","templated":true}]}}