{"id":33616,"date":"2024-07-29T14:23:31","date_gmt":"2024-07-29T12:23:31","guid":{"rendered":"https:\/\/kauma.es\/caso-de-estudio\/teto-movel-de-vidro-para-o-hotel-ciudad-de-jodar\/"},"modified":"2026-04-24T12:27:18","modified_gmt":"2026-04-24T10:27:18","slug":"teto-movel-de-vidro-para-o-hotel-ciudad-de-jodar","status":"publish","type":"caso-de-estudio","link":"https:\/\/kauma.es\/pt-pt\/caso-de-estudio\/teto-movel-de-vidro-para-o-hotel-ciudad-de-jodar\/","title":{"rendered":"Teto m\u00f3vel de vidro para o Hotel Ciudad de J\u00f3dar."},"content":{"rendered":"<section class=\"l-section wpb_row height_auto\"><div class=\"l-section-h i-cf\"><div class=\"g-cols vc_row via_flex valign_top type_default stacking_default\"><div class=\"vc_col-sm-6 wpb_column vc_column_container\"><div class=\"vc_column-inner\"><div class=\"wpb_wrapper\"><div class=\"w-text\"><span class=\"w-text-h\"><span class=\"w-text-value\">O DESAFIO<\/span><\/span><\/div><div class=\"w-separator size_medium\"><\/div><h2 class=\"w-text us_custom_47025d36\"><span class=\"w-text-h\"><span class=\"w-text-value\">Manter as vistas para o c\u00e9u.<\/span><\/span><\/h2><\/div><\/div><\/div><div class=\"vc_col-sm-6 wpb_column vc_column_container\"><div class=\"vc_column-inner\"><div class=\"wpb_wrapper\"><div class=\"wpb_text_column us_custom_35d02291\"><div class=\"wpb_wrapper\"><p>O Hotel Ciudad de J\u00f3dar dispunha de um amplo espa\u00e7o exterior, mas pouco aproveitado. Para maximizar a sua oferta e proporcionar maior conforto aos clientes, recorreu \u00e0 Kauma para projetar uma grande estrutura de teto m\u00f3vel. O desafio era lidar com diferentes alturas, irregularidades na planta e com o pedido de fazer \u201cdesaparecer\u201d os 24 trilhos do teto assim que estivesse aberto.<\/p>\n<\/div><\/div><\/div><\/div><\/div><\/div><\/div><\/section><section class=\"l-section wpb_row us_custom_c70c97eb height_auto\"><div class=\"l-section-h i-cf\"><div class=\"g-cols vc_row via_flex valign_top type_default stacking_default\"><div class=\"vc_col-sm-12 wpb_column vc_column_container\"><div class=\"vc_column-inner\"><div class=\"wpb_wrapper\"><div class=\"w-grid-none type_message\">Nenhum resultado encontrado.<\/div><\/div><\/div><\/div><\/div><\/div><\/section><section class=\"l-section wpb_row height_auto\"><div class=\"l-section-h i-cf\"><div class=\"g-cols vc_row via_flex valign_top type_default stacking_default\"><div class=\"vc_col-sm-6 wpb_column vc_column_container\"><div class=\"vc_column-inner\"><div class=\"wpb_wrapper\"><div class=\"w-text\"><span class=\"w-text-h\"><span class=\"w-text-value\">A SOLU\u00c7\u00c3O KAUMA<\/span><\/span><\/div><div class=\"w-separator size_medium\"><\/div><h2 class=\"w-text us_custom_1c696a75\"><span class=\"w-text-h\"><span class=\"w-text-value\">Apertura hacia la canal<\/span><\/span><\/h2><\/div><\/div><\/div><div class=\"vc_col-sm-6 wpb_column vc_column_container\"><div class=\"vc_column-inner\"><div class=\"wpb_wrapper\"><div class=\"wpb_text_column us_custom_35d02291\"><div class=\"wpb_wrapper\"><p>Ao inverter a motoriza\u00e7\u00e3o, conseguimos uma abertura para a caleira e n\u00e3o para a cobertura, como \u00e9 habitual. Esta solu\u00e7\u00e3o, especialmente recomendada em instala\u00e7\u00f5es de duas \u00e1guas, permite-nos abrir a zona central e mant\u00ea-la livre de placas. \u00c9 uma forma de potenciar uma vis\u00e3o totalmente aberta para o c\u00e9u a partir do desenvolvimento t\u00e9cnico do produto.  <\/p>\n<p>Os pain\u00e9is, feitos de policarbonato celular de \u00faltima gera\u00e7\u00e3o, filtram a luz para o interior. Al\u00e9m disso, bloqueiam os raios ultravioleta respons\u00e1veis pelo efeito de estufa. No total, o Hotel Ciudad de J\u00f3dar disp\u00f5e de uma sala com mais de 180 m2 protegida das intemp\u00e9ries.<br \/>O teto foi complementado com focos LED de baixo consumo, ideais para iluminar o espa\u00e7o de forma homog\u00e9nea. As cortinas de vidro Pivotal 250 refor\u00e7am o conforto interior, tanto no inverno como no ver\u00e3o, e ajudam a manter temperaturas est\u00e1veis em qualquer \u00e9poca do ano.<\/p>\n<\/div><\/div><\/div><\/div><\/div><\/div><\/div><\/section>\n","protected":false},"excerpt":{"rendered":"<p>Aberto e sem obst\u00e1culos:<br \/>Tactic 120 invertido.<\/p>\n","protected":false},"featured_media":21973,"template":"","meta":{"_acf_changed":false},"categoria-casos-de-estudio":[39],"class_list":["post-33616","caso-de-estudio","type-caso-de-estudio","status-publish","has-post-thumbnail","hentry","categoria-casos-de-estudio-comercial"],"acf":[],"_links":{"self":[{"href":"https:\/\/kauma.es\/pt-pt\/wp-json\/wp\/v2\/caso-de-estudio\/33616","targetHints":{"allow":["GET"]}}],"collection":[{"href":"https:\/\/kauma.es\/pt-pt\/wp-json\/wp\/v2\/caso-de-estudio"}],"about":[{"href":"https:\/\/kauma.es\/pt-pt\/wp-json\/wp\/v2\/types\/caso-de-estudio"}],"wp:featuredmedia":[{"embeddable":true,"href":"https:\/\/kauma.es\/pt-pt\/wp-json\/wp\/v2\/media\/21973"}],"wp:attachment":[{"href":"https:\/\/kauma.es\/pt-pt\/wp-json\/wp\/v2\/media?parent=33616"}],"wp:term":[{"taxonomy":"categoria-casos-de-estudio","embeddable":true,"href":"https:\/\/kauma.es\/pt-pt\/wp-json\/wp\/v2\/categoria-casos-de-estudio?post=33616"}],"curies":[{"name":"wp","href":"https:\/\/api.w.org\/{rel}","templated":true}]}}