{"id":33618,"date":"2024-07-29T14:23:06","date_gmt":"2024-07-29T12:23:06","guid":{"rendered":"https:\/\/kauma.es\/caso-de-estudio\/pergola-com-cortinas-de-vidro-para-o-restaurante-la-medina-de-tetuao\/"},"modified":"2026-04-24T12:38:15","modified_gmt":"2026-04-24T10:38:15","slug":"pergola-com-cortinas-de-vidro-para-o-restaurante-la-medina-de-tetuao","status":"publish","type":"caso-de-estudio","link":"https:\/\/kauma.es\/pt-pt\/caso-de-estudio\/pergola-com-cortinas-de-vidro-para-o-restaurante-la-medina-de-tetuao\/","title":{"rendered":"P\u00e9rgola com cortinas de vidro para o restaurante La Medina de Tetu\u00e3o."},"content":{"rendered":"<section class=\"l-section wpb_row height_auto\"><div class=\"l-section-h i-cf\"><div class=\"g-cols vc_row via_flex valign_middle type_default stacking_default\"><div class=\"vc_col-sm-6 wpb_column vc_column_container\"><div class=\"vc_column-inner\"><div class=\"wpb_wrapper\"><div class=\"w-text\"><span class=\"w-text-h\"><span class=\"w-text-value\">O DESAFIO<\/span><\/span><\/div><div class=\"w-separator size_medium\"><\/div><h3 class=\"w-text us_custom_db02874a\"><span class=\"w-text-h\"><span class=\"w-text-value\">Ampliar a sala sem&lt;br&gt;criar obst\u00e1culos.<\/span><\/span><\/h3><\/div><\/div><\/div><div class=\"vc_col-sm-6 wpb_column vc_column_container\"><div class=\"vc_column-inner\"><div class=\"wpb_wrapper\"><div class=\"wpb_text_column us_custom_35d02291\"><div class=\"wpb_wrapper\"><p>La Medina de Tetu\u00e1n \u00e9 um restaurante com aromas \u00e1rabes e andaluzes, onde a tradi\u00e7\u00e3o se une \u00e0 vanguarda. Este conceito de fus\u00e3o entre tradi\u00e7\u00e3o e vanguarda n\u00e3o se reflete apenas na oferta gastron\u00f3mica, mas tamb\u00e9m na decora\u00e7\u00e3o e na arquitetura. Prova disso \u00e9 a aposta na Kauma para criar uma ampla sala de refei\u00e7\u00f5es. A premissa fundamental era criar um espa\u00e7o completamente di\u00e1fano, sem obst\u00e1culos visuais ou elementos que dificultassem a disposi\u00e7\u00e3o das mesas. E que, al\u00e9m disso, funcionasse tanto no inverno, com rajadas de vento frio, como no ver\u00e3o, com as suaves brisas mar\u00edtimas.<\/p>\n<\/div><\/div><\/div><\/div><\/div><\/div><\/div><\/section><section class=\"l-section wpb_row us_custom_cc3ed102 height_auto width_custom\" style=\"--site-content-width:1200px;\"><div class=\"l-section-h i-cf\"><div class=\"g-cols vc_row via_flex valign_middle type_default stacking_default\"><div class=\"vc_col-sm-12 wpb_column vc_column_container\"><div class=\"vc_column-inner\"><div class=\"wpb_wrapper\"><div class=\"w-grid-none type_message\">Nenhum resultado encontrado.<\/div><\/div><\/div><\/div><\/div><\/div><\/section><section class=\"l-section wpb_row height_auto\"><div class=\"l-section-h i-cf\"><div class=\"g-cols vc_row via_flex valign_middle type_default stacking_default\"><div class=\"vc_col-sm-6 wpb_column vc_column_container\"><div class=\"vc_column-inner\"><div class=\"wpb_wrapper\"><div class=\"w-text\"><span class=\"w-text-h\"><span class=\"w-text-value\">A SOLU\u00c7\u00c3O KAUMA<\/span><\/span><\/div><div class=\"w-separator size_medium\"><\/div><h3 class=\"w-text us_custom_c7251f5f\"><span class=\"w-text-h\"><span class=\"w-text-value\">Quatro m\u00f3dulos amplos sem pilares interm\u00e9dios.<\/span><\/span><\/h3><\/div><\/div><\/div><div class=\"vc_col-sm-6 wpb_column vc_column_container\"><div class=\"vc_column-inner\"><div class=\"wpb_wrapper\"><div class=\"wpb_text_column us_custom_35d02291\"><div class=\"wpb_wrapper\"><p>Para criar os quatro m\u00f3dulos amplos sem necessidade de pilares interm\u00e9dios, foi necess\u00e1rio refor\u00e7ar as vigas superiores de sa\u00edda. Com esta solu\u00e7\u00e3o, a fixa\u00e7\u00e3o \u00e0 parede e os pilares perimetrais permitiram-nos obter uma estrutura s\u00f3lida, sem qualquer obst\u00e1culo no interior. A p\u00e9rgola Nimbo foi complementada com ilumina\u00e7\u00e3o perimetral em cada m\u00f3dulo, para acompanhar suavemente os clientes durante a noite.  <\/p>\n<p>A robusta estrutura da p\u00e9rgola bioclim\u00e1tica de alum\u00ednio permite pendurar cortinas de vidro com a tranquilidade de que o sistema \u00e9 capaz de suportar as cargas. Nesta ocasi\u00e3o, a La Medina de Tetu\u00e3o optou pelo sistema Gravital 400, a cortina de vidro sem guia no ch\u00e3o. Este sistema \u00e9 especialmente indicado para a restaura\u00e7\u00e3o, por n\u00e3o criar qualquer obst\u00e1culo no pavimento. Desta vez, coloc\u00e1mos o estacionamento nas extremidades da p\u00e9rgola Nimbo, para que n\u00e3o interferisse com a mobilidade do local. Al\u00e9m disso, incorpor\u00e1mos uma porta integrada, que se recolhe como uma folha mais do sistema, para favorecer o acesso quando as cortinas de vidro est\u00e3o abertas.<\/p>\n<\/div><\/div><\/div><\/div><\/div><\/div><\/div><\/section>\n","protected":false},"excerpt":{"rendered":"<p>Cerramento combinado<br \/>\nModular e dar liberdade<\/p>\n","protected":false},"featured_media":20321,"template":"","meta":{"_acf_changed":false},"categoria-casos-de-estudio":[39],"class_list":["post-33618","caso-de-estudio","type-caso-de-estudio","status-publish","has-post-thumbnail","hentry","categoria-casos-de-estudio-comercial"],"acf":[],"_links":{"self":[{"href":"https:\/\/kauma.es\/pt-pt\/wp-json\/wp\/v2\/caso-de-estudio\/33618","targetHints":{"allow":["GET"]}}],"collection":[{"href":"https:\/\/kauma.es\/pt-pt\/wp-json\/wp\/v2\/caso-de-estudio"}],"about":[{"href":"https:\/\/kauma.es\/pt-pt\/wp-json\/wp\/v2\/types\/caso-de-estudio"}],"wp:featuredmedia":[{"embeddable":true,"href":"https:\/\/kauma.es\/pt-pt\/wp-json\/wp\/v2\/media\/20321"}],"wp:attachment":[{"href":"https:\/\/kauma.es\/pt-pt\/wp-json\/wp\/v2\/media?parent=33618"}],"wp:term":[{"taxonomy":"categoria-casos-de-estudio","embeddable":true,"href":"https:\/\/kauma.es\/pt-pt\/wp-json\/wp\/v2\/categoria-casos-de-estudio?post=33618"}],"curies":[{"name":"wp","href":"https:\/\/api.w.org\/{rel}","templated":true}]}}